{"id":837,"date":"2022-02-07T10:10:53","date_gmt":"2022-02-07T10:10:53","guid":{"rendered":"http:\/\/guerreroesprimero.org.mx\/?page_id=837"},"modified":"2025-03-19T20:28:25","modified_gmt":"2025-03-19T20:28:25","slug":"encuentro-2021","status":"publish","type":"page","link":"http:\/\/guerreroesprimero.org.mx\/?page_id=837","title":{"rendered":"Laboratorio para la paz en Guerrero"},"content":{"rendered":"\t\t<div data-elementor-type=\"wp-page\" data-elementor-id=\"837\" class=\"elementor elementor-837\" data-elementor-post-type=\"page\">\n\t\t\t\t\t\t<section class=\"elementor-section elementor-top-section elementor-element elementor-element-9753109 elementor-section-boxed elementor-section-height-default elementor-section-height-default\" data-id=\"9753109\" data-element_type=\"section\">\n\t\t\t\t\t\t<div class=\"elementor-container elementor-column-gap-default\">\n\t\t\t\t\t<div class=\"elementor-column elementor-col-100 elementor-top-column elementor-element elementor-element-80c34a3\" data-id=\"80c34a3\" data-element_type=\"column\">\n\t\t\t<div class=\"elementor-widget-wrap elementor-element-populated\">\n\t\t\t\t\t\t<div class=\"elementor-element elementor-element-36e024f elementor-widget elementor-widget-text-editor\" data-id=\"36e024f\" data-element_type=\"widget\" data-widget_type=\"text-editor.default\">\n\t\t\t\t<div class=\"elementor-widget-container\">\n\t\t\t\t\t\t\t\t\t<h3 style=\"text-align: center;\"><span style=\"color: #bb047a;\"><strong>Laboratorio para estrategias para la construcci\u00f3n de la paz en Guerrero<\/strong><\/span><\/h3>\t\t\t\t\t\t\t\t<\/div>\n\t\t\t\t<\/div>\n\t\t\t\t\t<\/div>\n\t\t<\/div>\n\t\t\t\t\t<\/div>\n\t\t<\/section>\n\t\t\t\t<section class=\"elementor-section elementor-top-section elementor-element elementor-element-b77bc44 elementor-section-boxed elementor-section-height-default elementor-section-height-default\" data-id=\"b77bc44\" data-element_type=\"section\">\n\t\t\t\t\t\t<div class=\"elementor-container elementor-column-gap-default\">\n\t\t\t\t\t<div class=\"elementor-column elementor-col-100 elementor-top-column elementor-element elementor-element-db77a0c\" data-id=\"db77a0c\" data-element_type=\"column\">\n\t\t\t<div class=\"elementor-widget-wrap elementor-element-populated\">\n\t\t\t\t\t\t<div class=\"elementor-element elementor-element-f1631d1 elementor-widget elementor-widget-heading\" data-id=\"f1631d1\" data-element_type=\"widget\" data-widget_type=\"heading.default\">\n\t\t\t\t<div class=\"elementor-widget-container\">\n\t\t\t\t\t<h2 class=\"elementor-heading-title elementor-size-default\"><b><\/b><\/h2>\t\t\t\t<\/div>\n\t\t\t\t<\/div>\n\t\t\t\t<div class=\"elementor-element elementor-element-a4d78f9 elementor-widget elementor-widget-text-editor\" data-id=\"a4d78f9\" data-element_type=\"widget\" data-widget_type=\"text-editor.default\">\n\t\t\t\t<div class=\"elementor-widget-container\">\n\t\t\t\t\t\t\t\t\t<p><span style=\"color: #000000;\">Nos encontramos en un momento clave para Guerrero, en el que se abren desaf\u00edos y oportunidades, nuevos gobiernos municipales y estatales, nuevas legislaturas federal y estatal, mitad del sexenio federal, una pandemia que termina una fase pero nos cuestiona en seguridades y en prioridades y nos deja con muertos y pobrezas, una tensi\u00f3n social fuerte y las tendencias que vienen del largo plazo y que pesan sobre much\u00edsimas y much\u00edsimos guerrerenses, ante ello:\u00a0<\/span><\/p><p><span style=\"color: #000000;\">Todas y todos tenemos que colaborar para fortalecer a nuestro estado, para ello, en Guerrero es Primero, a trav\u00e9s del LABPAZ (Laboratorio para estrategias para la construcci\u00f3n de la paz en Guerrero) hemos iniciado un proceso de di\u00e1logo para visualizar hacia do\u0301nde vamos, y hacia do\u0301nde entre todas y todos podemos dirigir nuestro actuar. <\/span><\/p><p><span style=\"color: #000000;\">A trav\u00e9s de metodolog\u00edas para la construcci\u00f3n de di\u00e1logos, ciudadanos y ciudadanas que se desempe\u00f1an hoy en d\u00eda como funcionarios p\u00fablicos, actores sociales, religiosos y acad\u00e9micos, han compartido ideas y propuestas colectivas con el fin de construir acciones sociales y pol\u00edticas p\u00fablicas desde una perspectiva de construcci\u00f3n de paz.<\/span><\/p><p><span style=\"color: #000000;\">Como primera fase de este laboratorio, se realiz\u00f3 un primer ciclo de 6 reuniones tem\u00e1ticas virtuales, sobre:\u00a0<\/span><\/p><p><span style=\"color: #bb047a;\"><strong>M\u00f3dulo 1. Acapulco y su regi\u00f3n: alternativas para un desarrollo incluyente de largo plazo.\u00a0<\/strong><\/span><br \/><span style=\"color: #bb047a;\"><strong>M\u00f3dulo 2. Salud y protecci\u00f3n social.<\/strong><\/span><br \/><span style=\"color: #bb047a;\"><strong>M\u00f3dulo 3. Trabajo, pobreza y desigualdad.<\/strong><\/span><br \/><span style=\"color: #bb047a;\"><strong>M\u00f3dulo 4. Desarrollo alternativo en regiones violentas: paz y desarrollo.\u00a0\u00a0<\/strong><\/span><br \/><span style=\"color: #bb047a;\"><strong>M\u00f3dulo 5. Medio ambiente: preservaci\u00f3n y sostenibilidad.\u00a0<\/strong><\/span><br \/><span style=\"color: #bb047a;\"><strong>M\u00f3dulo 6. Conclusiones generales. Futuros mejores para Guerrero.<\/strong><\/span><\/p>\t\t\t\t\t\t\t\t<\/div>\n\t\t\t\t<\/div>\n\t\t\t\t\t<\/div>\n\t\t<\/div>\n\t\t\t\t\t<\/div>\n\t\t<\/section>\n\t\t\t\t<section class=\"elementor-section elementor-top-section elementor-element elementor-element-8866b3e elementor-section-boxed elementor-section-height-default elementor-section-height-default\" data-id=\"8866b3e\" data-element_type=\"section\">\n\t\t\t\t\t\t<div class=\"elementor-container elementor-column-gap-default\">\n\t\t\t\t\t<div class=\"elementor-column elementor-col-100 elementor-top-column elementor-element elementor-element-b1d1833\" data-id=\"b1d1833\" data-element_type=\"column\">\n\t\t\t<div class=\"elementor-widget-wrap elementor-element-populated\">\n\t\t\t\t\t\t<div class=\"elementor-element elementor-element-750e5e9 elementor-widget elementor-widget-text-editor\" data-id=\"750e5e9\" data-element_type=\"widget\" data-widget_type=\"text-editor.default\">\n\t\t\t\t<div class=\"elementor-widget-container\">\n\t\t\t\t\t\t\t\t\t<h4><span style=\"font-size: 18px; font-style: normal; font-weight: 400; background-color: #ffffff; color: #bb047a;\"><strong>Documento de consulta<\/strong>\u00a0<\/span><\/h4><h6><a style=\"font-size: 18px; font-style: normal; font-weight: 400; background-color: #ffffff;\" href=\"http:\/\/guerreroesprimero.org.mx\/wp-content\/uploads\/2022\/02\/Documento-final-Laboratorio-para-estrategias-para-la-construccio%CC%81n-de-la-paz-en-Guerrero.pdf\">Laboratorio para estrategias para la construcci\u00f3n de la paz en Guerrero<\/a><span style=\"font-size: 18px; font-style: normal; font-weight: 400; background-color: #ffffff;\"><br \/><\/span><\/h6>\t\t\t\t\t\t\t\t<\/div>\n\t\t\t\t<\/div>\n\t\t\t\t\t<\/div>\n\t\t<\/div>\n\t\t\t\t\t<\/div>\n\t\t<\/section>\n\t\t\t\t<\/div>\n\t\t","protected":false},"excerpt":{"rendered":"<p>Laboratorio para estrategias para la construcci\u00f3n de la paz en Guerrero Nos encontramos en un momento clave para Guerrero, en el que se abren desaf\u00edos y oportunidades, nuevos gobiernos municipales y estatales, nuevas legislaturas federal y estatal, mitad del sexenio federal, una pandemia que termina una fase pero nos cuestiona en seguridades y en prioridades [&hellip;]<\/p>\n","protected":false},"author":4,"featured_media":0,"parent":0,"menu_order":0,"comment_status":"closed","ping_status":"closed","template":"","meta":{"site-sidebar-layout":"no-sidebar","site-content-layout":"page-builder","ast-site-content-layout":"","site-content-style":"default","site-sidebar-style":"default","ast-global-header-display":"","ast-banner-title-visibility":"","ast-main-header-display":"","ast-hfb-above-header-display":"","ast-hfb-below-header-display":"","ast-hfb-mobile-header-display":"","site-post-title":"disabled","ast-breadcrumbs-content":"","ast-featured-img":"disabled","footer-sml-layout":"","theme-transparent-header-meta":"default","adv-header-id-meta":"","stick-header-meta":"","header-above-stick-meta":"","header-main-stick-meta":"","header-below-stick-meta":"","astra-migrate-meta-layouts":"default","ast-page-background-enabled":"default","ast-page-background-meta":{"desktop":{"background-color":"var(--ast-global-color-4)","background-image":"","background-repeat":"repeat","background-position":"center center","background-size":"auto","background-attachment":"scroll","background-type":"","background-media":"","overlay-type":"","overlay-color":"","overlay-opacity":"","overlay-gradient":""},"tablet":{"background-color":"","background-image":"","background-repeat":"repeat","background-position":"center center","background-size":"auto","background-attachment":"scroll","background-type":"","background-media":"","overlay-type":"","overlay-color":"","overlay-opacity":"","overlay-gradient":""},"mobile":{"background-color":"","background-image":"","background-repeat":"repeat","background-position":"center center","background-size":"auto","background-attachment":"scroll","background-type":"","background-media":"","overlay-type":"","overlay-color":"","overlay-opacity":"","overlay-gradient":""}},"ast-content-background-meta":{"desktop":{"background-color":"var(--ast-global-color-5)","background-image":"","background-repeat":"repeat","background-position":"center center","background-size":"auto","background-attachment":"scroll","background-type":"","background-media":"","overlay-type":"","overlay-color":"","overlay-opacity":"","overlay-gradient":""},"tablet":{"background-color":"var(--ast-global-color-5)","background-image":"","background-repeat":"repeat","background-position":"center center","background-size":"auto","background-attachment":"scroll","background-type":"","background-media":"","overlay-type":"","overlay-color":"","overlay-opacity":"","overlay-gradient":""},"mobile":{"background-color":"var(--ast-global-color-5)","background-image":"","background-repeat":"repeat","background-position":"center center","background-size":"auto","background-attachment":"scroll","background-type":"","background-media":"","overlay-type":"","overlay-color":"","overlay-opacity":"","overlay-gradient":""}},"footnotes":""},"class_list":["post-837","page","type-page","status-publish","hentry"],"_links":{"self":[{"href":"http:\/\/guerreroesprimero.org.mx\/index.php?rest_route=\/wp\/v2\/pages\/837","targetHints":{"allow":["GET"]}}],"collection":[{"href":"http:\/\/guerreroesprimero.org.mx\/index.php?rest_route=\/wp\/v2\/pages"}],"about":[{"href":"http:\/\/guerreroesprimero.org.mx\/index.php?rest_route=\/wp\/v2\/types\/page"}],"author":[{"embeddable":true,"href":"http:\/\/guerreroesprimero.org.mx\/index.php?rest_route=\/wp\/v2\/users\/4"}],"replies":[{"embeddable":true,"href":"http:\/\/guerreroesprimero.org.mx\/index.php?rest_route=%2Fwp%2Fv2%2Fcomments&post=837"}],"version-history":[{"count":34,"href":"http:\/\/guerreroesprimero.org.mx\/index.php?rest_route=\/wp\/v2\/pages\/837\/revisions"}],"predecessor-version":[{"id":1701,"href":"http:\/\/guerreroesprimero.org.mx\/index.php?rest_route=\/wp\/v2\/pages\/837\/revisions\/1701"}],"wp:attachment":[{"href":"http:\/\/guerreroesprimero.org.mx\/index.php?rest_route=%2Fwp%2Fv2%2Fmedia&parent=837"}],"curies":[{"name":"wp","href":"https:\/\/api.w.org\/{rel}","templated":true}]}}