{"id":221,"date":"2020-07-21T22:51:43","date_gmt":"2020-07-21T22:51:43","guid":{"rendered":"http:\/\/guerreroesprimero.org.mx\/?page_id=221"},"modified":"2025-03-19T20:20:39","modified_gmt":"2025-03-19T20:20:39","slug":"pagina-polo-elementor","status":"publish","type":"page","link":"http:\/\/guerreroesprimero.org.mx\/?page_id=221","title":{"rendered":"Polo"},"content":{"rendered":"\t\t<div data-elementor-type=\"wp-page\" data-elementor-id=\"221\" class=\"elementor elementor-221\" data-elementor-post-type=\"page\">\n\t\t\t\t\t\t<section class=\"elementor-section elementor-top-section elementor-element elementor-element-8475539 elementor-section-boxed elementor-section-height-default elementor-section-height-default\" data-id=\"8475539\" data-element_type=\"section\">\n\t\t\t\t\t\t<div class=\"elementor-container elementor-column-gap-default\">\n\t\t\t\t\t<div class=\"elementor-column elementor-col-100 elementor-top-column elementor-element elementor-element-76fc7f7\" data-id=\"76fc7f7\" data-element_type=\"column\">\n\t\t\t<div class=\"elementor-widget-wrap elementor-element-populated\">\n\t\t\t\t\t\t<div class=\"elementor-element elementor-element-b586727 elementor-widget elementor-widget-text-editor\" data-id=\"b586727\" data-element_type=\"widget\" data-widget_type=\"text-editor.default\">\n\t\t\t\t<div class=\"elementor-widget-container\">\n\t\t\t\t\t\t\t\t\t<h3 style=\"text-align: center;\"><span style=\"color: #bb047a;\" data-darkreader-inline-color=\"\"><strong>Proyecto Polo\u00a0<\/strong><\/span><\/h3><h3 style=\"text-align: center;\"><span style=\"color: #bb047a;\" data-darkreader-inline-color=\"\"><strong>Polo para el fortalecimiento y la articulaci\u00f3n de la participaci\u00f3n ciudadana en pol\u00edticas de desarrollo local y gobernanza incluyente en el sur-sureste de M\u00e9xico<\/strong><\/span><\/h3>\t\t\t\t\t\t\t\t<\/div>\n\t\t\t\t<\/div>\n\t\t\t\t\t<\/div>\n\t\t<\/div>\n\t\t\t\t\t<\/div>\n\t\t<\/section>\n\t\t\t\t<section class=\"elementor-section elementor-top-section elementor-element elementor-element-1e168eb elementor-section-boxed elementor-section-height-default elementor-section-height-default\" data-id=\"1e168eb\" data-element_type=\"section\">\n\t\t\t\t\t\t<div class=\"elementor-container elementor-column-gap-default\">\n\t\t\t\t\t<div class=\"elementor-column elementor-col-50 elementor-top-column elementor-element elementor-element-6efdf13\" data-id=\"6efdf13\" data-element_type=\"column\">\n\t\t\t<div class=\"elementor-widget-wrap elementor-element-populated\">\n\t\t\t\t\t\t<div class=\"elementor-element elementor-element-679b5ef elementor-widget elementor-widget-image\" data-id=\"679b5ef\" data-element_type=\"widget\" data-widget_type=\"image.default\">\n\t\t\t\t<div class=\"elementor-widget-container\">\n\t\t\t\t\t\t\t\t\t\t\t\t\t\t\t<img decoding=\"async\" src=\"http:\/\/guerreroesprimero.org.mx\/wp-content\/uploads\/elementor\/thumbs\/20180811_181910-scaled-ovnns3r6nt1koeud3gn3gqdohdel3yysyrtkoc59wg.jpg\" title=\"20180811_181910\" alt=\"20180811_181910\" loading=\"lazy\" \/>\t\t\t\t\t\t\t\t\t\t\t\t\t\t\t<\/div>\n\t\t\t\t<\/div>\n\t\t\t\t\t<\/div>\n\t\t<\/div>\n\t\t\t\t<div class=\"elementor-column elementor-col-50 elementor-top-column elementor-element elementor-element-3498a88\" data-id=\"3498a88\" data-element_type=\"column\">\n\t\t\t<div class=\"elementor-widget-wrap elementor-element-populated\">\n\t\t\t\t\t\t<div class=\"elementor-element elementor-element-3e6cbd0 elementor-widget elementor-widget-image\" data-id=\"3e6cbd0\" data-element_type=\"widget\" data-widget_type=\"image.default\">\n\t\t\t\t<div class=\"elementor-widget-container\">\n\t\t\t\t\t\t\t\t\t\t\t\t\t\t\t<img fetchpriority=\"high\" decoding=\"async\" width=\"1024\" height=\"768\" src=\"http:\/\/guerreroesprimero.org.mx\/wp-content\/uploads\/2020\/09\/IMG-20180811-WA0021-1024x768.jpg\" class=\"attachment-large size-large wp-image-578\" alt=\"\" srcset=\"http:\/\/guerreroesprimero.org.mx\/wp-content\/uploads\/2020\/09\/IMG-20180811-WA0021-1024x768.jpg 1024w, http:\/\/guerreroesprimero.org.mx\/wp-content\/uploads\/2020\/09\/IMG-20180811-WA0021-300x225.jpg 300w, http:\/\/guerreroesprimero.org.mx\/wp-content\/uploads\/2020\/09\/IMG-20180811-WA0021-768x576.jpg 768w, http:\/\/guerreroesprimero.org.mx\/wp-content\/uploads\/2020\/09\/IMG-20180811-WA0021.jpg 1280w\" sizes=\"(max-width: 1024px) 100vw, 1024px\" \/>\t\t\t\t\t\t\t\t\t\t\t\t\t\t\t<\/div>\n\t\t\t\t<\/div>\n\t\t\t\t\t<\/div>\n\t\t<\/div>\n\t\t\t\t\t<\/div>\n\t\t<\/section>\n\t\t\t\t<section class=\"elementor-section elementor-top-section elementor-element elementor-element-3cedd69 elementor-section-boxed elementor-section-height-default elementor-section-height-default\" data-id=\"3cedd69\" data-element_type=\"section\">\n\t\t\t\t\t\t<div class=\"elementor-container elementor-column-gap-default\">\n\t\t\t\t\t<div class=\"elementor-column elementor-col-100 elementor-top-column elementor-element elementor-element-8b76613\" data-id=\"8b76613\" data-element_type=\"column\">\n\t\t\t<div class=\"elementor-widget-wrap elementor-element-populated\">\n\t\t\t\t\t\t<div class=\"elementor-element elementor-element-8c04991 elementor-widget elementor-widget-text-editor\" data-id=\"8c04991\" data-element_type=\"widget\" data-widget_type=\"text-editor.default\">\n\t\t\t\t<div class=\"elementor-widget-container\">\n\t\t\t\t\t\t\t\t\t<p><span style=\"color: #000000;\">El proyecto busca fortalecer a las Organizaciones de la Sociedad Civil (OSC), ante un panorama de rezago econ\u00f3mico, violencias, desigualdad social y desgarramiento del tejido social en Guerrero. El Colectivo Guerrero es Primero pretende capacitar integralmente a las OSC de las regiones de Acapulco, Costa Grande y La Monta\u00f1a, para que estas puedan incidir en las pol\u00edticas p\u00fablicas de desarrollo local. El periodo de trabajo comprende del 2017 al 2021. Pueden participar OSC, colectivos, instituciones acad\u00e9micas, estudiantes y redes nuevas de actores locales.<\/span><\/p><p><span style=\"color: #000000;\">La iniciativa fue dise\u00f1ada y ha sido ejecutada por las organizaciones en seis regiones del sur sureste del pa\u00eds: Fondazione AVSI (AVSI) en la regi\u00f3n de la Mixteca oaxaque\u00f1a, Servicio de Promoci\u00f3n Integral Comunitario Juvenil A.C. (Sepicj) en las regiones de Tehuac\u00e1n y Sierra Negra de Puebla, Solidaridad Internacional Kanda A.C. (Sikanda) en la regi\u00f3n de los Valles Centrales y Mixteca de Oaxaca, y Centro de Investigaci\u00f3n, Informaci\u00f3n y Apoyo a la Cultura A.C. (Centro Lindavista) en las regiones de Acapulco, Costa Grande y La Monta\u00f1a en el estado de Guerrero con el respaldo de la Iniciativa Guerrero es Primero.<\/span><\/p><p><span style=\"color: #000000;\">El proyecto tiene como objetivos: <\/span><\/p><ol><li><span style=\"color: #000000;\">Desarrollar y afianzar los procesos de fortalecimiento de las OSC en Acapulco, Costa Grande y La Monta\u00f1a.<\/span><br \/><span style=\"color: #000000;\">Proporcionar estabilidad a las iniciativas estructuradas para el fortalecimiento de la sociedad civil organizada en las regiones. <\/span><\/li><li><span style=\"color: #000000;\">Potenciar, articular e instrumentar redes para ampliar la participaci\u00f3n de la sociedad civil organizada en acciones de incidencia, di\u00e1logo, monitoreo de pr\u00e1cticas y pol\u00edticas p\u00fablicas, y propuestas de estrategias locales para el desarrollo.<\/span><\/li><li><span style=\"color: #000000;\">Movilizar conocimientos especializados para que las OSC act\u00faen como agentes aut\u00f3nomos e independientes de desarrollo y gobernanza. <\/span><\/li><li><span style=\"color: #000000;\">Fortalecer, estructurar y dar continuidad a procesos de asociaciones, coordinaci\u00f3n de la sociedad civil y definici\u00f3n de agendas comunes que busquen el desarrollo regional.<\/span><\/li><li><span style=\"color: #000000;\">Implementaci\u00f3n de din\u00e1micas de intercambio de conocimientos y buenas pr\u00e1cticas entre las OSC, actores locales, instituciones acad\u00e9micas, y personas con actividades sociales con presencia en la regi\u00f3n. <\/span><\/li><li><span style=\"color: #000000;\">Impartir para las OSC participantes un Diplomado de Especializaci\u00f3n de Ciudadan\u00eda, Construcci\u00f3n de Paz y Pol\u00edticas P\u00fablicas.<\/span><\/li><\/ol>\t\t\t\t\t\t\t\t<\/div>\n\t\t\t\t<\/div>\n\t\t\t\t\t<\/div>\n\t\t<\/div>\n\t\t\t\t\t<\/div>\n\t\t<\/section>\n\t\t\t\t<section class=\"elementor-section elementor-top-section elementor-element elementor-element-b460636 elementor-section-boxed elementor-section-height-default elementor-section-height-default\" data-id=\"b460636\" data-element_type=\"section\">\n\t\t\t\t\t\t<div class=\"elementor-container elementor-column-gap-default\">\n\t\t\t\t\t<div class=\"elementor-column elementor-col-100 elementor-top-column elementor-element elementor-element-1aa67ad\" data-id=\"1aa67ad\" data-element_type=\"column\">\n\t\t\t<div class=\"elementor-widget-wrap\">\n\t\t\t\t\t\t\t<\/div>\n\t\t<\/div>\n\t\t\t\t\t<\/div>\n\t\t<\/section>\n\t\t\t\t<section class=\"elementor-section elementor-top-section elementor-element elementor-element-7964b2c elementor-section-boxed elementor-section-height-default elementor-section-height-default\" data-id=\"7964b2c\" data-element_type=\"section\">\n\t\t\t\t\t\t<div class=\"elementor-container elementor-column-gap-default\">\n\t\t\t\t\t<div class=\"elementor-column elementor-col-100 elementor-top-column elementor-element elementor-element-8ff8fb0\" data-id=\"8ff8fb0\" data-element_type=\"column\">\n\t\t\t<div class=\"elementor-widget-wrap elementor-element-populated\">\n\t\t\t\t\t\t\t<\/div>\n\t\t<\/div>\n\t\t\t\t\t<\/div>\n\t\t<\/section>\n\t\t\t\t<section class=\"elementor-section elementor-top-section elementor-element elementor-element-6914d21 elementor-section-boxed elementor-section-height-default elementor-section-height-default\" data-id=\"6914d21\" data-element_type=\"section\">\n\t\t\t\t\t\t<div class=\"elementor-container elementor-column-gap-default\">\n\t\t\t\t\t<div class=\"elementor-column elementor-col-100 elementor-top-column elementor-element elementor-element-966fa2b\" data-id=\"966fa2b\" data-element_type=\"column\">\n\t\t\t<div class=\"elementor-widget-wrap elementor-element-populated\">\n\t\t\t\t\t\t<div class=\"elementor-element elementor-element-8726ed6 elementor-widget elementor-widget-text-editor\" data-id=\"8726ed6\" data-element_type=\"widget\" data-widget_type=\"text-editor.default\">\n\t\t\t\t<div class=\"elementor-widget-container\">\n\t\t\t\t\t\t\t\t\t<h4><span style=\"color: #bb047a;\">Consulta los documentos y materiales que el Proyecto Polo pone a tu disposici\u00f3n:<\/span><\/h4>\t\t\t\t\t\t\t\t<\/div>\n\t\t\t\t<\/div>\n\t\t\t\t\t<\/div>\n\t\t<\/div>\n\t\t\t\t\t<\/div>\n\t\t<\/section>\n\t\t\t\t<section class=\"elementor-section elementor-top-section elementor-element elementor-element-5e8cd81 elementor-section-boxed elementor-section-height-default elementor-section-height-default\" data-id=\"5e8cd81\" data-element_type=\"section\">\n\t\t\t\t\t\t<div class=\"elementor-container elementor-column-gap-default\">\n\t\t\t\t\t<div class=\"elementor-column elementor-col-100 elementor-top-column elementor-element elementor-element-6771209\" data-id=\"6771209\" data-element_type=\"column\">\n\t\t\t<div class=\"elementor-widget-wrap\">\n\t\t\t\t\t\t\t<\/div>\n\t\t<\/div>\n\t\t\t\t\t<\/div>\n\t\t<\/section>\n\t\t\t\t<section class=\"elementor-section elementor-top-section elementor-element elementor-element-b4f1bdd elementor-section-boxed elementor-section-height-default elementor-section-height-default\" data-id=\"b4f1bdd\" data-element_type=\"section\">\n\t\t\t\t\t\t<div class=\"elementor-container elementor-column-gap-default\">\n\t\t\t\t\t<div class=\"elementor-column elementor-col-100 elementor-top-column elementor-element elementor-element-4c6c9f0\" data-id=\"4c6c9f0\" data-element_type=\"column\">\n\t\t\t<div class=\"elementor-widget-wrap elementor-element-populated\">\n\t\t\t\t\t\t<div class=\"elementor-element elementor-element-51f5508 elementor--h-position-center elementor--v-position-middle elementor-arrows-position-inside elementor-pagination-position-inside elementor-widget elementor-widget-slides\" data-id=\"51f5508\" data-element_type=\"widget\" data-settings=\"{&quot;autoplay_speed&quot;:4000,&quot;navigation&quot;:&quot;both&quot;,&quot;autoplay&quot;:&quot;yes&quot;,&quot;pause_on_hover&quot;:&quot;yes&quot;,&quot;pause_on_interaction&quot;:&quot;yes&quot;,&quot;infinite&quot;:&quot;yes&quot;,&quot;transition&quot;:&quot;slide&quot;,&quot;transition_speed&quot;:500}\" data-widget_type=\"slides.default\">\n\t\t\t\t<div class=\"elementor-widget-container\">\n\t\t\t\t\t\t\t\t\t<div class=\"elementor-swiper\">\n\t\t\t\t\t<div class=\"elementor-slides-wrapper elementor-main-swiper swiper\" role=\"region\" aria-roledescription=\"carousel\" aria-label=\"Slides\" dir=\"ltr\" data-animation=\"fadeInUp\">\n\t\t\t\t<div class=\"swiper-wrapper elementor-slides\">\n\t\t\t\t\t\t\t\t\t\t<div class=\"elementor-repeater-item-fd874be swiper-slide\" role=\"group\" aria-roledescription=\"slide\"><div class=\"swiper-slide-bg\" role=\"img\"><\/div><div class=\"elementor-background-overlay\"><\/div><a class=\"swiper-slide-inner\" href=\"http:\/\/guerreroesprimero.org.mx\/wp-content\/uploads\/2025\/03\/Polo-para-la-Ciudadania-Participativa.pdf\"><div class=\"swiper-slide-contents\"><div class=\"elementor-slide-heading\">Proyecto Polo<\/div><div class=\"elementor-slide-description\">Informe ejecutivo<\/div><div  class=\"elementor-button elementor-slide-button elementor-size-sm\">Click Here<\/div><\/div><\/a><\/div><div class=\"elementor-repeater-item-0411275 swiper-slide\" role=\"group\" aria-roledescription=\"slide\"><div class=\"swiper-slide-bg\" role=\"img\"><\/div><div class=\"elementor-background-overlay\"><\/div><a class=\"swiper-slide-inner\" href=\"https:\/\/drive.google.com\/file\/d\/1ySwdac6K4OxhUxhOee1fFrmrsurxKXun\/view?usp=sharing\"><div class=\"swiper-slide-contents\"><div class=\"elementor-slide-heading\">Video Fortaleza<\/div><div class=\"elementor-slide-description\">Un recorrido en las comunidades: actores, realidades y sue\u00f1os<\/div><div  class=\"elementor-button elementor-slide-button elementor-size-sm\">Click Here<\/div><\/div><\/a><\/div><div class=\"elementor-repeater-item-8ce8d4e swiper-slide\" role=\"group\" aria-roledescription=\"slide\"><div class=\"swiper-slide-bg\" role=\"img\"><\/div><div class=\"elementor-background-overlay\"><\/div><a class=\"swiper-slide-inner\" href=\"https:\/\/drive.google.com\/file\/d\/11EjhgcU5uJYUdafJtRDlI6jNF7c0Rg1t\/view?usp=sharing\"><div class=\"swiper-slide-contents\"><div class=\"elementor-slide-heading\">Diagn\u00f3stico y l\u00ednea base<\/div><div class=\"elementor-slide-description\">Actores de esperanza, artesanos de paz<\/div><div  class=\"elementor-button elementor-slide-button elementor-size-sm\">Click Here<\/div><\/div><\/a><\/div><div class=\"elementor-repeater-item-573c5ff swiper-slide\" role=\"group\" aria-roledescription=\"slide\"><div class=\"swiper-slide-bg\" role=\"img\"><\/div><div class=\"elementor-background-overlay\"><\/div><a class=\"swiper-slide-inner\" href=\"https:\/\/drive.google.com\/file\/d\/1dugvt51gQYTdA8KvCT-S0w32GNMt_tw8\/view?usp=sharing\"><div class=\"swiper-slide-contents\"><div class=\"elementor-slide-heading\">Memoria del proyecto<\/div><div class=\"elementor-slide-description\">Un proceso de aprendizaje rec\u00edproco <\/div><div  class=\"elementor-button elementor-slide-button elementor-size-sm\">Click Here<\/div><\/div><\/a><\/div><div class=\"elementor-repeater-item-42dc2e8 swiper-slide\" role=\"group\" aria-roledescription=\"slide\"><div class=\"swiper-slide-bg\" role=\"img\"><\/div><div class=\"elementor-background-overlay\"><\/div><a class=\"swiper-slide-inner\" href=\"http:\/\/guerreroesprimero.org.mx\/wp-content\/uploads\/2025\/03\/Directorio-Tematico.pdf\"><div class=\"swiper-slide-contents\"><div class=\"elementor-slide-heading\">Directorio tema\u0301tico de OSC y colectivos participantes<\/div><div class=\"elementor-slide-description\">El trabajo en red<\/div><div  class=\"elementor-button elementor-slide-button elementor-size-sm\">Click Here<\/div><\/div><\/a><\/div><div class=\"elementor-repeater-item-971e0ce swiper-slide\" role=\"group\" aria-roledescription=\"slide\"><div class=\"swiper-slide-bg\" role=\"img\"><\/div><div class=\"elementor-background-overlay\"><\/div><a class=\"swiper-slide-inner\" href=\"https:\/\/drive.google.com\/file\/d\/1VKNho0UuumdAKm7QSOQX_J58uVglXsNw\/view?usp=sharing\"><div class=\"swiper-slide-contents\"><div class=\"elementor-slide-heading\">Manual de incidencia<\/div><div class=\"elementor-slide-description\">De la organizaci\u00f3n a la acci\u00f3n: Paso a paso<\/div><div  class=\"elementor-button elementor-slide-button elementor-size-sm\">Click Here<\/div><\/div><\/a><\/div><div class=\"elementor-repeater-item-4af3f41 swiper-slide\" role=\"group\" aria-roledescription=\"slide\"><div class=\"swiper-slide-bg\" role=\"img\"><\/div><div class=\"elementor-background-overlay\"><\/div><a class=\"swiper-slide-inner\" href=\"http:\/\/guerreroesprimero.org.mx\/wp-content\/uploads\/2025\/03\/Apoyo-educativo-CAEVs-2021.pdf\"><div class=\"swiper-slide-contents\"><div class=\"elementor-slide-heading\">Centros de apoyo educativo virtual<\/div><div class=\"elementor-slide-description\">Sistematizaci\u00f3n de metodolog\u00edas en la promoci\u00f3n del derecho de la educaci\u00f3n a ni\u00f1as, ni\u00f1os y adolescentes en la pandemia por COVID <\/div><div  class=\"elementor-button elementor-slide-button elementor-size-sm\">Click Here<\/div><\/div><\/a><\/div><div class=\"elementor-repeater-item-c549f2e swiper-slide\" role=\"group\" aria-roledescription=\"slide\"><div class=\"swiper-slide-bg\" role=\"img\"><\/div><div class=\"elementor-background-overlay\"><\/div><a class=\"swiper-slide-inner\" href=\"http:\/\/guerreroesprimero.org.mx\/wp-content\/uploads\/2025\/03\/Diplomado-Incidencia-y-Paz.pdf\"><div class=\"swiper-slide-contents\"><div class=\"elementor-slide-heading\">Diplomado de fortalecimiento en ciudadan\u00eda, construcci\u00f3n de paz e incidencia en pol\u00edticas p\u00fablicas<\/div><div class=\"elementor-slide-description\">Fortaleciendo capacidades locales <\/div><div  class=\"elementor-button elementor-slide-button elementor-size-sm\">Click Here<\/div><\/div><\/a><\/div><div class=\"elementor-repeater-item-d83e1bf swiper-slide\" role=\"group\" aria-roledescription=\"slide\"><div class=\"swiper-slide-bg\" role=\"img\"><\/div><div class=\"elementor-background-overlay\"><\/div><a class=\"swiper-slide-inner\" href=\"https:\/\/www.facebook.com\/Ciudadaniaparticipativa1\/?locale=es_LA\"><div class=\"swiper-slide-contents\"><div class=\"elementor-slide-heading\">Facebook Ciudadan\u00eda Participativa <\/div><div class=\"elementor-slide-description\">El d\u00eda a d\u00eda<\/div><div  class=\"elementor-button elementor-slide-button elementor-size-sm\">Click Here<\/div><\/div><\/a><\/div>\t\t\t\t<\/div>\n\t\t\t\t\t\t\t\t\t\t\t\t\t\t\t<div class=\"elementor-swiper-button elementor-swiper-button-prev\" role=\"button\" tabindex=\"0\" aria-label=\"Previous slide\">\n\t\t\t\t\t\t\t<i aria-hidden=\"true\" class=\"eicon-chevron-left\"><\/i>\t\t\t\t\t\t<\/div>\n\t\t\t\t\t\t<div class=\"elementor-swiper-button elementor-swiper-button-next\" role=\"button\" tabindex=\"0\" aria-label=\"Next slide\">\n\t\t\t\t\t\t\t<i aria-hidden=\"true\" class=\"eicon-chevron-right\"><\/i>\t\t\t\t\t\t<\/div>\n\t\t\t\t\t\t\t\t\t\t\t\t\t\t\t\t<div class=\"swiper-pagination\"><\/div>\n\t\t\t\t\t\t\t\t\t\t\t\t<\/div>\n\t\t\t\t<\/div>\n\t\t\t\t\t\t\t\t<\/div>\n\t\t\t\t<\/div>\n\t\t\t\t\t<\/div>\n\t\t<\/div>\n\t\t\t\t\t<\/div>\n\t\t<\/section>\n\t\t\t\t<\/div>\n\t\t","protected":false},"excerpt":{"rendered":"<p>Proyecto Polo\u00a0 Polo para el fortalecimiento y la articulaci\u00f3n de la participaci\u00f3n ciudadana en pol\u00edticas de desarrollo local y gobernanza incluyente en el sur-sureste de M\u00e9xico El proyecto busca fortalecer a las Organizaciones de la Sociedad Civil (OSC), ante un panorama de rezago econ\u00f3mico, violencias, desigualdad social y desgarramiento del tejido social en Guerrero. El [&hellip;]<\/p>\n","protected":false},"author":3,"featured_media":0,"parent":162,"menu_order":4,"comment_status":"closed","ping_status":"closed","template":"","meta":{"site-sidebar-layout":"no-sidebar","site-content-layout":"page-builder","ast-site-content-layout":"","site-content-style":"default","site-sidebar-style":"default","ast-global-header-display":"","ast-banner-title-visibility":"","ast-main-header-display":"","ast-hfb-above-header-display":"","ast-hfb-below-header-display":"","ast-hfb-mobile-header-display":"","site-post-title":"disabled","ast-breadcrumbs-content":"","ast-featured-img":"disabled","footer-sml-layout":"","theme-transparent-header-meta":"default","adv-header-id-meta":"","stick-header-meta":"","header-above-stick-meta":"","header-main-stick-meta":"","header-below-stick-meta":"","astra-migrate-meta-layouts":"default","ast-page-background-enabled":"default","ast-page-background-meta":{"desktop":{"background-color":"var(--ast-global-color-4)","background-image":"","background-repeat":"repeat","background-position":"center center","background-size":"auto","background-attachment":"scroll","background-type":"","background-media":"","overlay-type":"","overlay-color":"","overlay-opacity":"","overlay-gradient":""},"tablet":{"background-color":"","background-image":"","background-repeat":"repeat","background-position":"center center","background-size":"auto","background-attachment":"scroll","background-type":"","background-media":"","overlay-type":"","overlay-color":"","overlay-opacity":"","overlay-gradient":""},"mobile":{"background-color":"","background-image":"","background-repeat":"repeat","background-position":"center center","background-size":"auto","background-attachment":"scroll","background-type":"","background-media":"","overlay-type":"","overlay-color":"","overlay-opacity":"","overlay-gradient":""}},"ast-content-background-meta":{"desktop":{"background-color":"var(--ast-global-color-5)","background-image":"","background-repeat":"repeat","background-position":"center center","background-size":"auto","background-attachment":"scroll","background-type":"","background-media":"","overlay-type":"","overlay-color":"","overlay-opacity":"","overlay-gradient":""},"tablet":{"background-color":"var(--ast-global-color-5)","background-image":"","background-repeat":"repeat","background-position":"center center","background-size":"auto","background-attachment":"scroll","background-type":"","background-media":"","overlay-type":"","overlay-color":"","overlay-opacity":"","overlay-gradient":""},"mobile":{"background-color":"var(--ast-global-color-5)","background-image":"","background-repeat":"repeat","background-position":"center center","background-size":"auto","background-attachment":"scroll","background-type":"","background-media":"","overlay-type":"","overlay-color":"","overlay-opacity":"","overlay-gradient":""}},"footnotes":""},"class_list":["post-221","page","type-page","status-publish","hentry"],"_links":{"self":[{"href":"http:\/\/guerreroesprimero.org.mx\/index.php?rest_route=\/wp\/v2\/pages\/221","targetHints":{"allow":["GET"]}}],"collection":[{"href":"http:\/\/guerreroesprimero.org.mx\/index.php?rest_route=\/wp\/v2\/pages"}],"about":[{"href":"http:\/\/guerreroesprimero.org.mx\/index.php?rest_route=\/wp\/v2\/types\/page"}],"author":[{"embeddable":true,"href":"http:\/\/guerreroesprimero.org.mx\/index.php?rest_route=\/wp\/v2\/users\/3"}],"replies":[{"embeddable":true,"href":"http:\/\/guerreroesprimero.org.mx\/index.php?rest_route=%2Fwp%2Fv2%2Fcomments&post=221"}],"version-history":[{"count":41,"href":"http:\/\/guerreroesprimero.org.mx\/index.php?rest_route=\/wp\/v2\/pages\/221\/revisions"}],"predecessor-version":[{"id":1694,"href":"http:\/\/guerreroesprimero.org.mx\/index.php?rest_route=\/wp\/v2\/pages\/221\/revisions\/1694"}],"up":[{"embeddable":true,"href":"http:\/\/guerreroesprimero.org.mx\/index.php?rest_route=\/wp\/v2\/pages\/162"}],"wp:attachment":[{"href":"http:\/\/guerreroesprimero.org.mx\/index.php?rest_route=%2Fwp%2Fv2%2Fmedia&parent=221"}],"curies":[{"name":"wp","href":"https:\/\/api.w.org\/{rel}","templated":true}]}}